{"id":8027,"date":"2025-03-05T00:00:00","date_gmt":"2025-03-04T23:00:00","guid":{"rendered":"https:\/\/www.fondazioneunipolis.org\/site\/progetto\/asvis-alleanza-italiana-per-lo-sviluppo-sostenibile\/"},"modified":"2025-11-20T18:08:04","modified_gmt":"2025-11-20T17:08:04","slug":"asvis-alleanza-italiana-per-lo-sviluppo-sostenibile","status":"publish","type":"progetto","link":"https:\/\/www.fondazioneunipolis.org\/site\/progetti\/asvis-alleanza-italiana-per-lo-sviluppo-sostenibile\/","title":{"rendered":"ASviS &#8211; Alleanza Italiana per lo Sviluppo Sostenibile"},"content":{"rendered":"\n<p><strong>Un&#8217;Alleanza, che abbiamo fondato con l\u2019Universit\u00e0 di Roma \u201cTor Vergata\u201d per far crescere la consapevolezza dell\u2019importanza dell\u2019Agenda 2030&nbsp;e per mobilitare allo scopo di realizzare gli SDGs<\/strong><\/p>\n\n\n\n<p>L\u2019<strong>ASviS<\/strong>&nbsp;\u00e8 nata il 3 febbraio 2016 per far&nbsp;<strong>crescere la consapevolezza<\/strong>&nbsp;dell\u2019importanza dell\u2019Agenda 2030 per lo sviluppo sostenibile e per&nbsp;<strong>mobilitare la societ\u00e0 italiana<\/strong><strong>, i soggetti economici e sociali e le istituzioni<\/strong>&nbsp;allo scopo di realizzare gli Obiettivi di sviluppo sostenibile.<\/p>\n\n\n\n<p>Nell\u2019ambito della sua missione, esercita attivit\u00e0 di sensibilizzazione, educazione, formazione, informazione e comunicazione, ricerca scientifica, relazio\u200bni istituzionali, organizzazione e gestione di attivit\u00e0 culturali.<\/p>\n\n\n\n<p>Oggi \u00e8 la pi\u00f9 grande<strong>&nbsp;coalizione della societ\u00e0 civile&nbsp;<\/strong>mai creata in Italia, con&nbsp;<strong>oltre 300 \u200borganizzazioni aderenti<\/strong>, come universit\u00e0, centri di ricerca, associazioni di imprese, fondazioni, sindacati e reti di istituzioni locali.<strong>&nbsp;Oltre 1.000 esperti<\/strong>&nbsp;delle organizzazioni aderenti partecipano ai\u200b\u200b\u200b\u200b gruppi di lavoro sugli SDGs e su tematiche trasversali. Negli anni cresce<strong>&nbsp;il riconoscimento della rete come punto di riferimento sulle tematiche dello sviluppo sostenibile nel nostro Paese<\/strong>&nbsp;sul piano analitico e politico per i contenuti diffusi e discussi.<\/p>\n\n\n\n<p>Nel 2023 sono state tante le iniziative per promuovere l&#8217;avanzamento degli Obiettivi di sviluppo sostenibile nel Paese e non solo: dall\u2019elaborazione di nuove pubblicazioni alla realizzazione di eventi. . Il&nbsp;<strong>Festival dello Sviluppo Sostenibile&nbsp;<\/strong>continua a rappresentare un appuntamento&nbsp; per cittadine e cittadini con un forte impatto mediatico e politico.<\/p>\n\n\n\n<p>\u00c8 proseguito l&#8217;impegno per favorire la conoscenza e l&#8217;adozione degli stili di vita previsti nell&#8217;Agenda 2030 tramite attivit\u00e0 di educazione e sensibilizzazione, tra cui la collaborazione con il nostro progetto \u201c<em>Bella storia. La tua.<\/em>\u201d<\/p>\n\n\n\n<p>ASviS ha inoltre partecipato a diverse audizioni parlamentari e progressivamente si \u00e8 attuata la riforma della governance della rete con un nuovo Statuto, un Regolamento di funzionamento e una rinnovata Area Riservata agli Aderenti.<\/p>\n\n\n\n<p>Fondazione Unipolis collabora attivamente al programma di lavoro dell&#8217;Alleanza partecipando alle attivit\u00e0 di governance e di gestione operativa. In particolare, Unipolis co-coordina il&nbsp;<a href=\"https:\/\/asvis.it\/gruppo-di-lavoro-trasversale-fondazioni-per-lo-sviluppo-sostenibile\/\" target=\"_blank\" rel=\"noopener\"><strong>Gruppo di lavoro trasversale \u201cFondazioni per lo sviluppo sostenibile\u201d<\/strong><\/a>.<\/p>\n\n\n\n<p>Il Gruppo, composto da&nbsp;<strong>31 Fondazioni&nbsp;<\/strong>e co-coordinato da&nbsp;<strong>Fondazione Unipolis<\/strong>&nbsp;e&nbsp;<strong>Fondazione Cariplo<\/strong>, intende analizzare e rafforzare l&#8217;impegno e il contributo delle Fondazioni per il raggiungimento dell\u2019Agenda 2030, realizzare attivit\u00e0 di advocacy in questa direzione e garantire maggior presenza e incidenza di questa parte dell\u2019universo non profit nelle diverse iniziative dell\u2019Alleanza.<\/p>\n\n\n\n<p>Nel 2023, le realt\u00e0 aderenti hanno\u00a0<strong>condiviso pratiche<\/strong>\u00a0&#8211; avviate, implementate e sperimentate &#8211; volte a\u00a0<strong>ridurre le diseguaglianze<\/strong>\u00a0nei territori lungo l\u2019intero Paese. Dal racconto reciproco di esperienze si \u00e8 allargato l\u2019orizzonte su fattori critici, ragionando su relative proposte di soluzioni.\u00a0<strong>Cinque le leve<\/strong>\u00a0emerse per una\u00a0<strong>migliore capacit\u00e0 di queste organizzazioni\u00a0<\/strong>nella lotta alle disuguaglianze e per favorire, pi\u00f9 in generale, un\u00a0<strong>cambiamento sistemico\u00a0<\/strong>di lungo periodo in sinergia con gli altri attori coinvolti. I contenuti sono stati elaborati e pubblicati in uno\u00a0<a href=\"https:\/\/www.fondazioneunipolis.org\/site\/cinque-leve-per-una-capacita-sistemica-delle-fondazioni-nella-lotta-alle-disuguaglianze\/\" target=\"_blank\" rel=\"noreferrer noopener\"><strong>short paper<\/strong><\/a>, presentato e discusso il 6 novembre a Siena, nell\u2019ambito della\u00a0<a href=\"https:\/\/asvis.it\/notizie-sull-alleanza\/19-18624\/fondazioni-cinque-leve-per-fare-sistema-nella-lotta-alle-disuguaglianze\" target=\"_blank\" rel=\"noopener\"><strong>Philanthropy experience 2023<\/strong><\/a>. Gli speaker coinvolti hanno portato il punto di vista interno ed esterno al gruppo quali esperti su programmazione e valutazione, terzo settore, politiche pubbliche, imprenditoria e innovazione sociale.<\/p>\n\n\n\n<p>\u200b\u200b<\/p>\n","protected":false},"excerpt":{"rendered":"<p>La pi\u00f9 grande coalizione della societ\u00e0 civile mai creata in Italia, protagonista dell\u2019impegno per l\u2019Agenda 2030<\/p>\n","protected":false},"featured_media":4399,"parent":0,"menu_order":0,"template":"","meta":{"_acf_changed":true},"categoria-progetto":[679],"tag-progetto":[691],"class_list":["post-8027","progetto","type-progetto","status-publish","has-post-thumbnail","hentry","categoria-progetto-unipolis","tag-progetto-asvis"],"acf":[],"yoast_head":"<!-- This site is optimized with the Yoast SEO plugin v26.1.1 - https:\/\/yoast.com\/wordpress\/plugins\/seo\/ -->\n<title>ASviS - Alleanza Italiana per lo Sviluppo Sostenibile - Unipolis<\/title>\n<meta name=\"description\" content=\"La pi\u00f9 grande coalizione della societ\u00e0 civile mai creata in Italia, protagonista dell\u2019impegno per l\u2019Agenda 2030\" \/>\n<meta name=\"robots\" content=\"index, follow, max-snippet:-1, max-image-preview:large, max-video-preview:-1\" \/>\n<link rel=\"canonical\" href=\"https:\/\/www.fondazioneunipolis.org\/site\/progetti\/asvis-alleanza-italiana-per-lo-sviluppo-sostenibile\/\" \/>\n<meta property=\"og:locale\" content=\"it_IT\" \/>\n<meta property=\"og:type\" content=\"article\" \/>\n<meta property=\"og:title\" content=\"ASviS - Alleanza Italiana per lo Sviluppo Sostenibile - Unipolis\" \/>\n<meta property=\"og:description\" content=\"La pi\u00f9 grande coalizione della societ\u00e0 civile mai creata in Italia, protagonista dell\u2019impegno per l\u2019Agenda 2030\" \/>\n<meta property=\"og:url\" content=\"https:\/\/dx-factory-unipolis-corporate-wp.ha.servizi.gr-u.it\/site\/progetti\/asvis-alleanza-italiana-per-lo-sviluppo-sostenibile\/\" \/>\n<meta property=\"og:site_name\" content=\"Unipolis\" \/>\n<meta property=\"article:modified_time\" content=\"2025-11-20T17:08:04+00:00\" \/>\n<meta property=\"og:image\" content=\"https:\/\/dx-factory-unipolis-corporate-wp.ha.servizi.gr-u.it\/site\/wp-content\/uploads\/import\/PublishingImages\/ASviS_ph%20Ottavia%20Ortolani.jpg\" \/>\n\t<meta property=\"og:image:width\" content=\"1\" \/>\n\t<meta property=\"og:image:height\" content=\"1\" \/>\n\t<meta property=\"og:image:type\" content=\"image\/jpeg\" \/>\n<meta name=\"twitter:card\" content=\"summary_large_image\" \/>\n<meta name=\"twitter:label1\" content=\"Est. reading time\" \/>\n\t<meta name=\"twitter:data1\" content=\"3 minutes\" \/>\n<script type=\"application\/ld+json\" class=\"yoast-schema-graph\">{\"@context\":\"https:\/\/schema.org\",\"@graph\":[{\"@type\":\"WebPage\",\"@id\":\"https:\/\/dx-factory-unipolis-corporate-wp.ha.servizi.gr-u.it\/site\/progetti\/asvis-alleanza-italiana-per-lo-sviluppo-sostenibile\/\",\"url\":\"https:\/\/dx-factory-unipolis-corporate-wp.ha.servizi.gr-u.it\/site\/progetti\/asvis-alleanza-italiana-per-lo-sviluppo-sostenibile\/\",\"name\":\"ASviS - Alleanza Italiana per lo Sviluppo Sostenibile - Unipolis\",\"isPartOf\":{\"@id\":\"https:\/\/www.fondazioneunipolis.org\/site\/#website\"},\"primaryImageOfPage\":{\"@id\":\"https:\/\/dx-factory-unipolis-corporate-wp.ha.servizi.gr-u.it\/site\/progetti\/asvis-alleanza-italiana-per-lo-sviluppo-sostenibile\/#primaryimage\"},\"image\":{\"@id\":\"https:\/\/dx-factory-unipolis-corporate-wp.ha.servizi.gr-u.it\/site\/progetti\/asvis-alleanza-italiana-per-lo-sviluppo-sostenibile\/#primaryimage\"},\"thumbnailUrl\":\"https:\/\/www.fondazioneunipolis.org\/site\/wp-content\/uploads\/import\/PublishingImages\/ASviS_ph Ottavia Ortolani.jpg\",\"datePublished\":\"2025-03-04T23:00:00+00:00\",\"dateModified\":\"2025-11-20T17:08:04+00:00\",\"description\":\"La pi\u00f9 grande coalizione della societ\u00e0 civile mai creata in Italia, protagonista dell\u2019impegno per l\u2019Agenda 2030\",\"breadcrumb\":{\"@id\":\"https:\/\/dx-factory-unipolis-corporate-wp.ha.servizi.gr-u.it\/site\/progetti\/asvis-alleanza-italiana-per-lo-sviluppo-sostenibile\/#breadcrumb\"},\"inLanguage\":\"it-IT\",\"potentialAction\":[{\"@type\":\"ReadAction\",\"target\":[\"https:\/\/dx-factory-unipolis-corporate-wp.ha.servizi.gr-u.it\/site\/progetti\/asvis-alleanza-italiana-per-lo-sviluppo-sostenibile\/\"]}]},{\"@type\":\"ImageObject\",\"inLanguage\":\"it-IT\",\"@id\":\"https:\/\/dx-factory-unipolis-corporate-wp.ha.servizi.gr-u.it\/site\/progetti\/asvis-alleanza-italiana-per-lo-sviluppo-sostenibile\/#primaryimage\",\"url\":\"https:\/\/www.fondazioneunipolis.org\/site\/wp-content\/uploads\/import\/PublishingImages\/ASviS_ph Ottavia Ortolani.jpg\",\"contentUrl\":\"https:\/\/www.fondazioneunipolis.org\/site\/wp-content\/uploads\/import\/PublishingImages\/ASviS_ph Ottavia Ortolani.jpg\"},{\"@type\":\"BreadcrumbList\",\"@id\":\"https:\/\/dx-factory-unipolis-corporate-wp.ha.servizi.gr-u.it\/site\/progetti\/asvis-alleanza-italiana-per-lo-sviluppo-sostenibile\/#breadcrumb\",\"itemListElement\":[{\"@type\":\"ListItem\",\"position\":1,\"name\":\"Home\",\"item\":\"https:\/\/www.fondazioneunipolis.org\/site\/\"},{\"@type\":\"ListItem\",\"position\":2,\"name\":\"ASviS &#8211; Alleanza Italiana per lo Sviluppo Sostenibile\"}]},{\"@type\":\"WebSite\",\"@id\":\"https:\/\/www.fondazioneunipolis.org\/site\/#website\",\"url\":\"https:\/\/www.fondazioneunipolis.org\/site\/\",\"name\":\"Unipolis\",\"description\":\"\",\"publisher\":{\"@id\":\"https:\/\/www.fondazioneunipolis.org\/site\/#organization\"},\"potentialAction\":[{\"@type\":\"SearchAction\",\"target\":{\"@type\":\"EntryPoint\",\"urlTemplate\":\"https:\/\/www.fondazioneunipolis.org\/site\/?s={search_term_string}\"},\"query-input\":{\"@type\":\"PropertyValueSpecification\",\"valueRequired\":true,\"valueName\":\"search_term_string\"}}],\"inLanguage\":\"it-IT\"},{\"@type\":\"Organization\",\"@id\":\"https:\/\/www.fondazioneunipolis.org\/site\/#organization\",\"name\":\"Unipolis\",\"url\":\"https:\/\/www.fondazioneunipolis.org\/site\/\",\"logo\":{\"@type\":\"ImageObject\",\"inLanguage\":\"it-IT\",\"@id\":\"https:\/\/www.fondazioneunipolis.org\/site\/#\/schema\/logo\/image\/\",\"url\":\"https:\/\/www.fondazioneunipolis.org\/site\/wp-content\/uploads\/2025\/07\/logo-fondazione-unipolis-1.svg\",\"contentUrl\":\"https:\/\/www.fondazioneunipolis.org\/site\/wp-content\/uploads\/2025\/07\/logo-fondazione-unipolis-1.svg\",\"caption\":\"Unipolis\"},\"image\":{\"@id\":\"https:\/\/www.fondazioneunipolis.org\/site\/#\/schema\/logo\/image\/\"}}]}<\/script>\n<!-- \/ Yoast SEO plugin. -->","yoast_head_json":{"title":"ASviS - Alleanza Italiana per lo Sviluppo Sostenibile - Unipolis","description":"La pi\u00f9 grande coalizione della societ\u00e0 civile mai creata in Italia, protagonista dell\u2019impegno per l\u2019Agenda 2030","robots":{"index":"index","follow":"follow","max-snippet":"max-snippet:-1","max-image-preview":"max-image-preview:large","max-video-preview":"max-video-preview:-1"},"canonical":"https:\/\/www.fondazioneunipolis.org\/site\/progetti\/asvis-alleanza-italiana-per-lo-sviluppo-sostenibile\/","og_locale":"it_IT","og_type":"article","og_title":"ASviS - Alleanza Italiana per lo Sviluppo Sostenibile - Unipolis","og_description":"La pi\u00f9 grande coalizione della societ\u00e0 civile mai creata in Italia, protagonista dell\u2019impegno per l\u2019Agenda 2030","og_url":"https:\/\/dx-factory-unipolis-corporate-wp.ha.servizi.gr-u.it\/site\/progetti\/asvis-alleanza-italiana-per-lo-sviluppo-sostenibile\/","og_site_name":"Unipolis","article_modified_time":"2025-11-20T17:08:04+00:00","og_image":[{"url":"https:\/\/dx-factory-unipolis-corporate-wp.ha.servizi.gr-u.it\/site\/wp-content\/uploads\/import\/PublishingImages\/ASviS_ph Ottavia Ortolani.jpg","width":1,"height":1,"type":"image\/jpeg"}],"twitter_card":"summary_large_image","twitter_misc":{"Est. reading time":"3 minutes"},"schema":{"@context":"https:\/\/schema.org","@graph":[{"@type":"WebPage","@id":"https:\/\/dx-factory-unipolis-corporate-wp.ha.servizi.gr-u.it\/site\/progetti\/asvis-alleanza-italiana-per-lo-sviluppo-sostenibile\/","url":"https:\/\/dx-factory-unipolis-corporate-wp.ha.servizi.gr-u.it\/site\/progetti\/asvis-alleanza-italiana-per-lo-sviluppo-sostenibile\/","name":"ASviS - Alleanza Italiana per lo Sviluppo Sostenibile - Unipolis","isPartOf":{"@id":"https:\/\/www.fondazioneunipolis.org\/site\/#website"},"primaryImageOfPage":{"@id":"https:\/\/dx-factory-unipolis-corporate-wp.ha.servizi.gr-u.it\/site\/progetti\/asvis-alleanza-italiana-per-lo-sviluppo-sostenibile\/#primaryimage"},"image":{"@id":"https:\/\/dx-factory-unipolis-corporate-wp.ha.servizi.gr-u.it\/site\/progetti\/asvis-alleanza-italiana-per-lo-sviluppo-sostenibile\/#primaryimage"},"thumbnailUrl":"https:\/\/www.fondazioneunipolis.org\/site\/wp-content\/uploads\/import\/PublishingImages\/ASviS_ph Ottavia Ortolani.jpg","datePublished":"2025-03-04T23:00:00+00:00","dateModified":"2025-11-20T17:08:04+00:00","description":"La pi\u00f9 grande coalizione della societ\u00e0 civile mai creata in Italia, protagonista dell\u2019impegno per l\u2019Agenda 2030","breadcrumb":{"@id":"https:\/\/dx-factory-unipolis-corporate-wp.ha.servizi.gr-u.it\/site\/progetti\/asvis-alleanza-italiana-per-lo-sviluppo-sostenibile\/#breadcrumb"},"inLanguage":"it-IT","potentialAction":[{"@type":"ReadAction","target":["https:\/\/dx-factory-unipolis-corporate-wp.ha.servizi.gr-u.it\/site\/progetti\/asvis-alleanza-italiana-per-lo-sviluppo-sostenibile\/"]}]},{"@type":"ImageObject","inLanguage":"it-IT","@id":"https:\/\/dx-factory-unipolis-corporate-wp.ha.servizi.gr-u.it\/site\/progetti\/asvis-alleanza-italiana-per-lo-sviluppo-sostenibile\/#primaryimage","url":"https:\/\/www.fondazioneunipolis.org\/site\/wp-content\/uploads\/import\/PublishingImages\/ASviS_ph Ottavia Ortolani.jpg","contentUrl":"https:\/\/www.fondazioneunipolis.org\/site\/wp-content\/uploads\/import\/PublishingImages\/ASviS_ph Ottavia Ortolani.jpg"},{"@type":"BreadcrumbList","@id":"https:\/\/dx-factory-unipolis-corporate-wp.ha.servizi.gr-u.it\/site\/progetti\/asvis-alleanza-italiana-per-lo-sviluppo-sostenibile\/#breadcrumb","itemListElement":[{"@type":"ListItem","position":1,"name":"Home","item":"https:\/\/www.fondazioneunipolis.org\/site\/"},{"@type":"ListItem","position":2,"name":"ASviS &#8211; Alleanza Italiana per lo Sviluppo Sostenibile"}]},{"@type":"WebSite","@id":"https:\/\/www.fondazioneunipolis.org\/site\/#website","url":"https:\/\/www.fondazioneunipolis.org\/site\/","name":"Unipolis","description":"","publisher":{"@id":"https:\/\/www.fondazioneunipolis.org\/site\/#organization"},"potentialAction":[{"@type":"SearchAction","target":{"@type":"EntryPoint","urlTemplate":"https:\/\/www.fondazioneunipolis.org\/site\/?s={search_term_string}"},"query-input":{"@type":"PropertyValueSpecification","valueRequired":true,"valueName":"search_term_string"}}],"inLanguage":"it-IT"},{"@type":"Organization","@id":"https:\/\/www.fondazioneunipolis.org\/site\/#organization","name":"Unipolis","url":"https:\/\/www.fondazioneunipolis.org\/site\/","logo":{"@type":"ImageObject","inLanguage":"it-IT","@id":"https:\/\/www.fondazioneunipolis.org\/site\/#\/schema\/logo\/image\/","url":"https:\/\/www.fondazioneunipolis.org\/site\/wp-content\/uploads\/2025\/07\/logo-fondazione-unipolis-1.svg","contentUrl":"https:\/\/www.fondazioneunipolis.org\/site\/wp-content\/uploads\/2025\/07\/logo-fondazione-unipolis-1.svg","caption":"Unipolis"},"image":{"@id":"https:\/\/www.fondazioneunipolis.org\/site\/#\/schema\/logo\/image\/"}}]}},"_links":{"self":[{"href":"https:\/\/www.fondazioneunipolis.org\/site\/wp-json\/wp\/v2\/progetto\/8027","targetHints":{"allow":["GET"]}}],"collection":[{"href":"https:\/\/www.fondazioneunipolis.org\/site\/wp-json\/wp\/v2\/progetto"}],"about":[{"href":"https:\/\/www.fondazioneunipolis.org\/site\/wp-json\/wp\/v2\/types\/progetto"}],"wp:featuredmedia":[{"embeddable":true,"href":"https:\/\/www.fondazioneunipolis.org\/site\/wp-json\/wp\/v2\/media\/4399"}],"wp:attachment":[{"href":"https:\/\/www.fondazioneunipolis.org\/site\/wp-json\/wp\/v2\/media?parent=8027"}],"wp:term":[{"taxonomy":"categoria-progetto","embeddable":true,"href":"https:\/\/www.fondazioneunipolis.org\/site\/wp-json\/wp\/v2\/categoria-progetto?post=8027"},{"taxonomy":"tag-progetto","embeddable":true,"href":"https:\/\/www.fondazioneunipolis.org\/site\/wp-json\/wp\/v2\/tag-progetto?post=8027"}],"curies":[{"name":"wp","href":"https:\/\/api.w.org\/{rel}","templated":true}]}}