{"id":9167,"date":"2025-11-07T18:34:30","date_gmt":"2025-11-07T17:34:30","guid":{"rendered":"https:\/\/www.fondazioneunipolis.org\/site\/?page_id=9167"},"modified":"2025-11-14T14:49:21","modified_gmt":"2025-11-14T13:49:21","slug":"simsa","status":"publish","type":"page","link":"https:\/\/www.fondazioneunipolis.org\/site\/simsa\/","title":{"rendered":"Sistema di Informazione sulla Mobilit\u00e0 Sostenibile ad Avellino (SIMSA)"},"content":{"rendered":"\n    <section class=\"hero-section\" style=\"background-color: #00355f;\">\t\t\t\n\t\t<div class=\"hero-carousel\">\n\t\t\t<div class=\"hero-slide\">\t\t\t\t\t\t\n\t\t\t\t<!-- Content -->\n\t\t\t\t<div class=\"container\">\t\t\t\t\t\n\t\t\t\t\t<h1 class=\"main-title\" data-animate=\"words\" id=\"main-title\">\n\t\t\t\t\t\tSistema di Informazione sulla Mobilit\u00e0 Sostenibile ad Avellino (SIMSA)\t\t\t\t\t<\/h1>\n\t\t\t\t<\/div>\n\t\t\t<\/div>\n\t\t<\/div>\n\t<\/section>\n\n\n\n\n<div class=\"wp-block-media-text has-media-on-the-right is-stacked-on-mobile\"><div class=\"wp-block-media-text__content\">\n    <section id=\"\">\n              <h2 class=\"main-title\" style=\"color: #000 !important\">Sistema di Informazione sulla Mobilit\u00e0 Sostenibile ad Avellino (SIMSA)<\/h2>\n            <p class=\"paragraph\">\n        <h3 class=\"partecipante\" style=\"text-align: left;\"><strong>Antonio Dello Iaco<\/strong><\/h3>\n<h3 style=\"text-align: left;\"><\/h3>\n<h3 class=\"descrizione\" style=\"text-align: left;\">20 anni , Avellino<\/h3>\n      <\/p>      \n    <\/section>\n\n<\/div><figure class=\"wp-block-media-text__media\"><img src=\"https:\/\/www.fondazioneunipolis.org\/site\/wp-content\/uploads\/import\/PublishingImages\/mob\/PropostePresente\/UnipolisMOB-Avellino.jpg\" alt=\"\" class=\"wp-image-5790 size-full\"\/><\/figure><\/div>\n\n\n\n<div class=\"wp-block-columns is-layout-flex wp-container-core-columns-is-layout-9d6595d7 wp-block-columns-is-layout-flex\">\n<div class=\"wp-block-column is-layout-flow wp-block-column-is-layout-flow\" style=\"flex-basis:40px\"><\/div>\n\n\n\n<div class=\"wp-block-column is-layout-flow wp-block-column-is-layout-flow\">\n    <section id=\"\">\n            <p class=\"paragraph\">\n        <h3>Chi sono<\/h3>\n<p>&nbsp;<\/p>\n<div id=\"ctl00_PlaceHolderMain_ctl04__ControlWrapper_RichHtmlField\" class=\"ms-rtestate-field\" aria-labelledby=\"ctl00_PlaceHolderMain_ctl04_label\">\n<p>\u200b\u200b\u200b\u200b\u200bSono Antonio Dello Iaco e ho 20 anni. 182 centimetri di tutta bellezza, capelli castani e barba inspiegabilmente rossa.\u200b\u200b\u200b\u200b<\/p>\n<\/div>\n      <\/p>      \n    <\/section>\n\n<\/div>\n\n\n\n<div class=\"wp-block-column is-layout-flow wp-block-column-is-layout-flow\">\n    <section id=\"\">\n            <p class=\"paragraph\">\n        <h3>Da dove vengo<\/h3>\n<p>&nbsp;<\/p>\n<div id=\"ctl00_PlaceHolderMain_ctl05__ControlWrapper_RichHtmlField\" class=\"ms-rtestate-field\" aria-labelledby=\"ctl00_PlaceHolderMain_ctl05_label\">\n<p>\u200bIrpino fino al midollo, dalle glorie eterne del post 1980 oggi la mia provincia sta soffrendo il suo essere area interna.<\/p>\n<\/div>\n      <\/p>      \n    <\/section>\n\n<\/div>\n\n\n\n<div class=\"wp-block-column is-layout-flow wp-block-column-is-layout-flow\">\n    <section id=\"\">\n            <p class=\"paragraph\">\n        <h3>Le mie passioni<\/h3>\n<p>&nbsp;<\/p>\n<div id=\"ctl00_PlaceHolderMain_ctl06__ControlWrapper_RichHtmlField\" class=\"ms-rtestate-field\" aria-labelledby=\"ctl00_PlaceHolderMain_ctl06_label\">\n<p>\u200bLe mie grandi passioni sono tre: l\u2019ambientalismo scientifico, l\u2019U.S. Avellino e la politica. Quella vera, dell\u2019ascolto a servizio della comunit\u00e0.<\/p>\n<\/div>\n      <\/p>      \n    <\/section>\n\n<\/div>\n\n\n\n<div class=\"wp-block-column is-layout-flow wp-block-column-is-layout-flow\">\n    <section id=\"\">\n            <p class=\"paragraph\">\n        <h3>Perch\u00e9 MOB<\/h3>\n<p>&nbsp;<\/p>\n<div id=\"ctl00_PlaceHolderMain_ctl07__ControlWrapper_RichHtmlField\" class=\"ms-rtestate-field\" aria-labelledby=\"ctl00_PlaceHolderMain_ctl07_label\">\n<p>\u200bPerch\u00e9 ho scelto di analizzare il problema\u200b annoso della mobilit\u00e0 nella mia citt\u00e0 e perch\u00e9 voglio contribuire a risolverlo.<\/p>\n<\/div>\n      <\/p>      \n    <\/section>\n\n<\/div>\n\n\n\n<div class=\"wp-block-column is-layout-flow wp-block-column-is-layout-flow\" style=\"flex-basis:40px\"><\/div>\n<\/div>\n\n\n\n<div style=\"height:100px\" aria-hidden=\"true\" class=\"wp-block-spacer\"><\/div>\n\n\n\n<div class=\"wp-block-media-text is-stacked-on-mobile\"><figure class=\"wp-block-media-text__media\"><img src=\"https:\/\/www.fondazioneunipolis.org\/site\/wp-content\/uploads\/import\/PublishingImages\/mob\/PartecipantePresente\/Partecipanti_MOB-Avellino.png\" alt=\"\" class=\"wp-image-5772 size-full\"\/><\/figure><div class=\"wp-block-media-text__content\">\n    <section id=\"\">\n              <h2 class=\"main-title\" style=\"color: #000 !important\">Gli obiettiv\u200b\u200b\u200bi della mia proposta<\/h2>\n            <p class=\"paragraph\">\n        <h3 class=\"ms-rteElement-Celeste\">Abbattere l\u2019inquinamento \u00e8 anche una questione di consapevolezza<\/h3>\n<p>&nbsp;<\/p>\n<p>Gli obiettivi della proposta sono abbattere l\u2019inquinamento e aumentare la consapevolezza sul tema della mobilit\u00e0 sostenibile. Il\u00a0<strong>progetto SIMSA<\/strong>\u00a0vuole rivoluzionare il trasporto pubblico ad Avellino, a partire dall\u2019utilizzo dell&#8217;app Air Campania. Antonio propone\u00a0un sistema digitale per facilitare l\u2019uso dei bus e promuovere la mobilit\u00e0 sostenibile.<\/p>\n<p>Dopo il workshop territoriale previsto dal percorso per discutere la proposta con un gruppo di cittadini interessati, \u00e8 emersa la necessit\u00e0 di partire con un\u2019<strong>azione di informatizzazione alle fermate dei bus<\/strong>, che non presentavano n\u00e9 il numero di autobus n\u00e9 la tabella oraria, oltre a campagne nelle scuole per lavorare sulla consapevolezza.<\/p>\n<p><strong>La campagna \u201cQuanno passa\u201d ha introdotto QR code alle fermate<\/strong>, permettendo di consultare orari e fermate tramite l\u2019app, con adesivi colorati che raffigurano simboli cittadini, grazie anche alla collaborazione con Legambiente Avellino.<\/p>\n<p>Il progetto continuer\u00e0 fino a giugno 2025 con i<strong>ncontri scolastici sulla mobilit\u00e0 sostenibile<\/strong>. L\u2019intento \u00e8 quindi di contribuire ad Avellino, la citt\u00e0 pi\u00f9 inquinata del centro-sud Italia per PM10, a\u00a0<strong>migliorare l\u2019accesso ai trasporti pubblici<\/strong>, riducendo l\u2019uso di mezzi privati in citt\u00e0 e di conseguenza dell\u2019inquinamento.\u200b<\/p>\n      <\/p>      \n    <\/section>\n\n<\/div><\/div>\n\n\n\n<div style=\"height:100px\" aria-hidden=\"true\" class=\"wp-block-spacer\"><\/div>\n\n\n\n<div style=\"text-align: center;\"><p><iframe loading=\"lazy\" width=\"80%\" height=\"500\" src=\"https:\/\/www.youtube-nocookie.com\/embed\/A4En6PeXK_o?si=zzdrRbgr6RNUQ-7f\" title=\"YouTube video player\" frameborder=\"0\" allow=\"accelerometer; autoplay; clipboard-write; encrypted-media; gyroscope; picture-in-picture; web-share\" referrerpolicy=\"strict-origin-when-cross-origin\" allowfullscreen><\/iframe><\/p><\/div>\n\n\n\n    <section id=\"\">\n              <h2 class=\"main-title\" style=\"color: #000 !important\"><center>Risultati desiderati<\/center><\/h2>\n            <p class=\"paragraph\">\n              <\/p>      \n    <\/section>\n\n\n\n\n<div class=\"wp-block-columns is-layout-flex wp-container-core-columns-is-layout-9d6595d7 wp-block-columns-is-layout-flex\">\n<div class=\"wp-block-column is-layout-flow wp-block-column-is-layout-flow\" style=\"flex-basis:40px\"><\/div>\n\n\n\n<div class=\"wp-block-column is-layout-flow wp-block-column-is-layout-flow\">\n    <section id=\"\">\n            <p class=\"paragraph\">\n        <p><img src=\"https:\/\/www.fondazioneunipolis.org\/site\/wp-content\/uploads\/import\/PublishingImages\/mob\/pallinoRosso.png\" style=\"width: 2rem\"><\/p>\n<h3 class=\"ms-rteElement-Celeste\" style=\"color: #1b9dd9\">Dimensione ambientale<\/h3>\n<p>&nbsp;<\/p>\n<p>Avellino \u00e8 risultata\u00a0<strong>la citt\u00e0 pi\u00f9 inquinata da PM10 del centro sud Italia<\/strong>\u00a0secondo i dati\u00a0del dossier\u00a0<em>Mal&#8217;aria<\/em>\u00a0realizzato da Legambiente attraverso i dati delle ARPA. Occorre quindi operare per una\u00a0<strong>riduzione drastica dell\u2019inquinamento<\/strong>. Con un\u00a0<strong>accesso pi\u00f9 semplice e consapevole ai mezzi del trasporto pubblico<\/strong>, ai servizi di sharing e alle infrastrutture per la mobilit\u00e0 sostenibile tramite l\u2019app, si ridurrebbe sensibilmente la presenza di mezzi pesanti e vuoti circolanti sul territorio comunale oltre che di quella delle automobili e dei mezzi privati presenti oggi in citt\u00e0.<\/p>\n      <\/p>      \n    <\/section>\n\n<\/div>\n\n\n\n<div class=\"wp-block-column is-layout-flow wp-block-column-is-layout-flow\">\n    <section id=\"\">\n            <p class=\"paragraph\">\n        <p><img src=\"https:\/\/www.fondazioneunipolis.org\/site\/wp-content\/uploads\/import\/PublishingImages\/mob\/pallinoRosso.png\" style=\"width: 2rem\"><\/p>\n<h3 class=\"ms-rteElement-Celeste\" style=\"color: #1b9dd9\">Dimensione sociale e della sicurezza<\/h3>\n<p>&nbsp;<\/p>\n<p class=\"ms-rteElement-Celeste\">I cittadini potranno accedere gratuitamente alle informazioni principali sui bus di\u00a0Avellino inquadrando un semplice QR code con il proprio cellulare.<\/p>\n<p>In questo modo\u00a0<strong>si riduce sensibilmente il gap informativo<\/strong>\u00a0presente oggi nel capoluogo irpino che ancora non \u00e8 dotato di tracciamento dei bus e di paline intelligenti in corrispondenza delle varie fermate del trasporto pubblico locale.<\/p>\n<p>Grazie ai workshop nelle scuole sar\u00e0 possibile verificare\u00a0<strong>l&#8217;attitudine che gli studenti hanno sul tema del trasporto pubblico<\/strong>\u00a0e sensibilizzarli sull&#8217;importanza sociale di usare il tpl.<\/p>\n      <\/p>      \n    <\/section>\n\n<\/div>\n\n\n\n<div class=\"wp-block-column is-layout-flow wp-block-column-is-layout-flow\">\n    <section id=\"\">\n            <p class=\"paragraph\">\n        <p><img src=\"https:\/\/www.fondazioneunipolis.org\/site\/wp-content\/uploads\/import\/PublishingImages\/mob\/pallinoRosso.png\" style=\"width: 2rem\"><\/p>\n<h3 class=\"ms-rteElement-Celeste\" style=\"color: #1b9dd9\">\u200bDimensione economica<\/h3>\n<p>&nbsp;<\/p>\n<div>I benefici economici sono garantiti da un\u00a0<strong>investimento a impatto zero<\/strong>\u00a0per gli enti pubblici a fronte di potenziali importanti vantaggi economici per Air Campania, societ\u00e0 100% di propriet\u00e0 della Regione, e quindi di conseguenza per la collettivit\u00e0.<\/div>\n<div><\/div>\n<div>Grazie all\u2019informatizzazione di massa con i workshop nelle scuole e con l\u2019installazione, in corrispondenza di ogni fermata, degli adesivi, sar\u00e0 possibile\u00a0<strong>incentiv\u200bare i cittadini a usare il trasporto pubblico<\/strong>. Questo comporter\u00e0 vari benefici, tra cui l\u2019aumento di incassi per la societ\u00e0 Air Campania<\/div>\n      <\/p>      \n    <\/section>\n\n<\/div>\n\n\n\n<div class=\"wp-block-column is-layout-flow wp-block-column-is-layout-flow\" style=\"flex-basis:40px\"><\/div>\n<\/div>\n\n\n\n<div style=\"height:100px\" aria-hidden=\"true\" class=\"wp-block-spacer\"><\/div>\n","protected":false},"excerpt":{"rendered":"","protected":false},"author":3,"featured_media":0,"parent":0,"menu_order":0,"comment_status":"closed","ping_status":"closed","template":"","meta":{"_acf_changed":false,"footnotes":""},"class_list":["post-9167","page","type-page","status-publish","hentry"],"acf":[],"yoast_head":"<!-- This site is optimized with the Yoast SEO plugin v26.1.1 - https:\/\/yoast.com\/wordpress\/plugins\/seo\/ -->\n<title>Sistema di Informazione sulla Mobilit\u00e0 Sostenibile ad Avellino (SIMSA) - Unipolis<\/title>\n<meta name=\"robots\" content=\"index, follow, max-snippet:-1, max-image-preview:large, max-video-preview:-1\" \/>\n<link rel=\"canonical\" href=\"https:\/\/www.fondazioneunipolis.org\/site\/simsa\/\" \/>\n<meta property=\"og:locale\" content=\"it_IT\" \/>\n<meta property=\"og:type\" content=\"article\" \/>\n<meta property=\"og:title\" content=\"Sistema di Informazione sulla Mobilit\u00e0 Sostenibile ad Avellino (SIMSA) - Unipolis\" \/>\n<meta property=\"og:url\" content=\"https:\/\/dx-factory-unipolis-corporate-wp.ha.servizi.gr-u.it\/site\/simsa\/\" \/>\n<meta property=\"og:site_name\" content=\"Unipolis\" \/>\n<meta property=\"article:modified_time\" content=\"2025-11-14T13:49:21+00:00\" \/>\n<meta property=\"og:image\" content=\"https:\/\/www.fondazioneunipolis.org\/site\/wp-content\/uploads\/import\/PublishingImages\/mob\/PropostePresente\/UnipolisMOB-Avellino.jpg\" \/>\n\t<meta property=\"og:image:width\" content=\"1\" \/>\n\t<meta property=\"og:image:height\" content=\"1\" \/>\n\t<meta property=\"og:image:type\" content=\"image\/jpeg\" \/>\n<meta name=\"twitter:card\" content=\"summary_large_image\" \/>\n<meta name=\"twitter:label1\" content=\"Est. reading time\" \/>\n\t<meta name=\"twitter:data1\" content=\"1 minute\" \/>\n<script type=\"application\/ld+json\" class=\"yoast-schema-graph\">{\"@context\":\"https:\/\/schema.org\",\"@graph\":[{\"@type\":\"WebPage\",\"@id\":\"https:\/\/dx-factory-unipolis-corporate-wp.ha.servizi.gr-u.it\/site\/simsa\/\",\"url\":\"https:\/\/dx-factory-unipolis-corporate-wp.ha.servizi.gr-u.it\/site\/simsa\/\",\"name\":\"Sistema di Informazione sulla Mobilit\u00e0 Sostenibile ad Avellino (SIMSA) - Unipolis\",\"isPartOf\":{\"@id\":\"https:\/\/www.fondazioneunipolis.org\/site\/#website\"},\"primaryImageOfPage\":{\"@id\":\"https:\/\/dx-factory-unipolis-corporate-wp.ha.servizi.gr-u.it\/site\/simsa\/#primaryimage\"},\"image\":{\"@id\":\"https:\/\/dx-factory-unipolis-corporate-wp.ha.servizi.gr-u.it\/site\/simsa\/#primaryimage\"},\"thumbnailUrl\":\"https:\/\/www.fondazioneunipolis.org\/site\/wp-content\/uploads\/import\/PublishingImages\/mob\/PropostePresente\/UnipolisMOB-Avellino.jpg\",\"datePublished\":\"2025-11-07T17:34:30+00:00\",\"dateModified\":\"2025-11-14T13:49:21+00:00\",\"breadcrumb\":{\"@id\":\"https:\/\/dx-factory-unipolis-corporate-wp.ha.servizi.gr-u.it\/site\/simsa\/#breadcrumb\"},\"inLanguage\":\"it-IT\",\"potentialAction\":[{\"@type\":\"ReadAction\",\"target\":[\"https:\/\/dx-factory-unipolis-corporate-wp.ha.servizi.gr-u.it\/site\/simsa\/\"]}]},{\"@type\":\"ImageObject\",\"inLanguage\":\"it-IT\",\"@id\":\"https:\/\/dx-factory-unipolis-corporate-wp.ha.servizi.gr-u.it\/site\/simsa\/#primaryimage\",\"url\":\"https:\/\/www.fondazioneunipolis.org\/site\/wp-content\/uploads\/import\/PublishingImages\/mob\/PropostePresente\/UnipolisMOB-Avellino.jpg\",\"contentUrl\":\"https:\/\/www.fondazioneunipolis.org\/site\/wp-content\/uploads\/import\/PublishingImages\/mob\/PropostePresente\/UnipolisMOB-Avellino.jpg\"},{\"@type\":\"BreadcrumbList\",\"@id\":\"https:\/\/dx-factory-unipolis-corporate-wp.ha.servizi.gr-u.it\/site\/simsa\/#breadcrumb\",\"itemListElement\":[{\"@type\":\"ListItem\",\"position\":1,\"name\":\"Home\",\"item\":\"https:\/\/www.fondazioneunipolis.org\/site\/\"},{\"@type\":\"ListItem\",\"position\":2,\"name\":\"Sistema di Informazione sulla Mobilit\u00e0 Sostenibile ad Avellino (SIMSA)\"}]},{\"@type\":\"WebSite\",\"@id\":\"https:\/\/www.fondazioneunipolis.org\/site\/#website\",\"url\":\"https:\/\/www.fondazioneunipolis.org\/site\/\",\"name\":\"Unipolis\",\"description\":\"\",\"publisher\":{\"@id\":\"https:\/\/www.fondazioneunipolis.org\/site\/#organization\"},\"potentialAction\":[{\"@type\":\"SearchAction\",\"target\":{\"@type\":\"EntryPoint\",\"urlTemplate\":\"https:\/\/www.fondazioneunipolis.org\/site\/?s={search_term_string}\"},\"query-input\":{\"@type\":\"PropertyValueSpecification\",\"valueRequired\":true,\"valueName\":\"search_term_string\"}}],\"inLanguage\":\"it-IT\"},{\"@type\":\"Organization\",\"@id\":\"https:\/\/www.fondazioneunipolis.org\/site\/#organization\",\"name\":\"Unipolis\",\"url\":\"https:\/\/www.fondazioneunipolis.org\/site\/\",\"logo\":{\"@type\":\"ImageObject\",\"inLanguage\":\"it-IT\",\"@id\":\"https:\/\/www.fondazioneunipolis.org\/site\/#\/schema\/logo\/image\/\",\"url\":\"https:\/\/www.fondazioneunipolis.org\/site\/wp-content\/uploads\/2025\/07\/logo-fondazione-unipolis-1.svg\",\"contentUrl\":\"https:\/\/www.fondazioneunipolis.org\/site\/wp-content\/uploads\/2025\/07\/logo-fondazione-unipolis-1.svg\",\"caption\":\"Unipolis\"},\"image\":{\"@id\":\"https:\/\/www.fondazioneunipolis.org\/site\/#\/schema\/logo\/image\/\"}}]}<\/script>\n<!-- \/ Yoast SEO plugin. -->","yoast_head_json":{"title":"Sistema di Informazione sulla Mobilit\u00e0 Sostenibile ad Avellino (SIMSA) - Unipolis","robots":{"index":"index","follow":"follow","max-snippet":"max-snippet:-1","max-image-preview":"max-image-preview:large","max-video-preview":"max-video-preview:-1"},"canonical":"https:\/\/www.fondazioneunipolis.org\/site\/simsa\/","og_locale":"it_IT","og_type":"article","og_title":"Sistema di Informazione sulla Mobilit\u00e0 Sostenibile ad Avellino (SIMSA) - Unipolis","og_url":"https:\/\/dx-factory-unipolis-corporate-wp.ha.servizi.gr-u.it\/site\/simsa\/","og_site_name":"Unipolis","article_modified_time":"2025-11-14T13:49:21+00:00","og_image":[{"url":"https:\/\/www.fondazioneunipolis.org\/site\/wp-content\/uploads\/import\/PublishingImages\/mob\/PropostePresente\/UnipolisMOB-Avellino.jpg","width":1,"height":1,"type":"image\/jpeg"}],"twitter_card":"summary_large_image","twitter_misc":{"Est. reading time":"1 minute"},"schema":{"@context":"https:\/\/schema.org","@graph":[{"@type":"WebPage","@id":"https:\/\/dx-factory-unipolis-corporate-wp.ha.servizi.gr-u.it\/site\/simsa\/","url":"https:\/\/dx-factory-unipolis-corporate-wp.ha.servizi.gr-u.it\/site\/simsa\/","name":"Sistema di Informazione sulla Mobilit\u00e0 Sostenibile ad Avellino (SIMSA) - Unipolis","isPartOf":{"@id":"https:\/\/www.fondazioneunipolis.org\/site\/#website"},"primaryImageOfPage":{"@id":"https:\/\/dx-factory-unipolis-corporate-wp.ha.servizi.gr-u.it\/site\/simsa\/#primaryimage"},"image":{"@id":"https:\/\/dx-factory-unipolis-corporate-wp.ha.servizi.gr-u.it\/site\/simsa\/#primaryimage"},"thumbnailUrl":"https:\/\/www.fondazioneunipolis.org\/site\/wp-content\/uploads\/import\/PublishingImages\/mob\/PropostePresente\/UnipolisMOB-Avellino.jpg","datePublished":"2025-11-07T17:34:30+00:00","dateModified":"2025-11-14T13:49:21+00:00","breadcrumb":{"@id":"https:\/\/dx-factory-unipolis-corporate-wp.ha.servizi.gr-u.it\/site\/simsa\/#breadcrumb"},"inLanguage":"it-IT","potentialAction":[{"@type":"ReadAction","target":["https:\/\/dx-factory-unipolis-corporate-wp.ha.servizi.gr-u.it\/site\/simsa\/"]}]},{"@type":"ImageObject","inLanguage":"it-IT","@id":"https:\/\/dx-factory-unipolis-corporate-wp.ha.servizi.gr-u.it\/site\/simsa\/#primaryimage","url":"https:\/\/www.fondazioneunipolis.org\/site\/wp-content\/uploads\/import\/PublishingImages\/mob\/PropostePresente\/UnipolisMOB-Avellino.jpg","contentUrl":"https:\/\/www.fondazioneunipolis.org\/site\/wp-content\/uploads\/import\/PublishingImages\/mob\/PropostePresente\/UnipolisMOB-Avellino.jpg"},{"@type":"BreadcrumbList","@id":"https:\/\/dx-factory-unipolis-corporate-wp.ha.servizi.gr-u.it\/site\/simsa\/#breadcrumb","itemListElement":[{"@type":"ListItem","position":1,"name":"Home","item":"https:\/\/www.fondazioneunipolis.org\/site\/"},{"@type":"ListItem","position":2,"name":"Sistema di Informazione sulla Mobilit\u00e0 Sostenibile ad Avellino (SIMSA)"}]},{"@type":"WebSite","@id":"https:\/\/www.fondazioneunipolis.org\/site\/#website","url":"https:\/\/www.fondazioneunipolis.org\/site\/","name":"Unipolis","description":"","publisher":{"@id":"https:\/\/www.fondazioneunipolis.org\/site\/#organization"},"potentialAction":[{"@type":"SearchAction","target":{"@type":"EntryPoint","urlTemplate":"https:\/\/www.fondazioneunipolis.org\/site\/?s={search_term_string}"},"query-input":{"@type":"PropertyValueSpecification","valueRequired":true,"valueName":"search_term_string"}}],"inLanguage":"it-IT"},{"@type":"Organization","@id":"https:\/\/www.fondazioneunipolis.org\/site\/#organization","name":"Unipolis","url":"https:\/\/www.fondazioneunipolis.org\/site\/","logo":{"@type":"ImageObject","inLanguage":"it-IT","@id":"https:\/\/www.fondazioneunipolis.org\/site\/#\/schema\/logo\/image\/","url":"https:\/\/www.fondazioneunipolis.org\/site\/wp-content\/uploads\/2025\/07\/logo-fondazione-unipolis-1.svg","contentUrl":"https:\/\/www.fondazioneunipolis.org\/site\/wp-content\/uploads\/2025\/07\/logo-fondazione-unipolis-1.svg","caption":"Unipolis"},"image":{"@id":"https:\/\/www.fondazioneunipolis.org\/site\/#\/schema\/logo\/image\/"}}]}},"_links":{"self":[{"href":"https:\/\/www.fondazioneunipolis.org\/site\/wp-json\/wp\/v2\/pages\/9167","targetHints":{"allow":["GET"]}}],"collection":[{"href":"https:\/\/www.fondazioneunipolis.org\/site\/wp-json\/wp\/v2\/pages"}],"about":[{"href":"https:\/\/www.fondazioneunipolis.org\/site\/wp-json\/wp\/v2\/types\/page"}],"author":[{"embeddable":true,"href":"https:\/\/www.fondazioneunipolis.org\/site\/wp-json\/wp\/v2\/users\/3"}],"replies":[{"embeddable":true,"href":"https:\/\/www.fondazioneunipolis.org\/site\/wp-json\/wp\/v2\/comments?post=9167"}],"version-history":[{"count":51,"href":"https:\/\/www.fondazioneunipolis.org\/site\/wp-json\/wp\/v2\/pages\/9167\/revisions"}],"predecessor-version":[{"id":9701,"href":"https:\/\/www.fondazioneunipolis.org\/site\/wp-json\/wp\/v2\/pages\/9167\/revisions\/9701"}],"wp:attachment":[{"href":"https:\/\/www.fondazioneunipolis.org\/site\/wp-json\/wp\/v2\/media?parent=9167"}],"curies":[{"name":"wp","href":"https:\/\/api.w.org\/{rel}","templated":true}]}}